{"id":11677,"date":"2021-06-11T14:50:51","date_gmt":"2021-06-11T14:50:51","guid":{"rendered":"https:\/\/www.treatwell.ch\/inspiration\/?page_id=11677"},"modified":"2021-06-28T10:39:09","modified_gmt":"2021-06-28T10:39:09","slug":"naher-bei-den-pros","status":"publish","type":"page","link":"https:\/\/www.treatwell.ch/inspiration\/naher-bei-den-pros\/","title":{"rendered":"N\u00e4her bei den Pros"},"content":{"rendered":"<p><strong>Parties. Umarmungen. Verabredungen.<\/strong> Im letzten Jahr ist uns bewusst geworden, wie sehr wir das Gef\u00fchl von N\u00e4he in unserem Alltag vermissen. So langsam kehrt alles wieder zur Normalit\u00e4t zur\u00fcck und den guten Dingen sind wir bereits ein St\u00fcck n\u00e4her. Momente, die Face-to-Face einfach besser sind. N\u00e4her an unseren Freunden. N\u00e4her an den Dingen, die wir am meisten zu sch\u00e4tzen wissen.<\/p>\n<p>&nbsp;<\/p>\n<p><strong>Parties. Umarmungen. Verabredungen.<\/strong> Im letzten Jahr ist uns bewusst geworden, wie sehr wir das Gef\u00fchl von N\u00e4he in unserem Alltag vermissen. So langsam kehrt alles wieder zur Normalit\u00e4t zur\u00fcck und den guten Dingen sind wir bereits ein St\u00fcck n\u00e4her. Momente, die Face-to-Face einfach besser sind. N\u00e4her an unseren Freunden. N\u00e4her an den Dingen, die wir am meisten zu sch\u00e4tzen wissen.<\/p>\n<p>&nbsp;<\/p>\n<p>Hier bei Treatwell sp\u00fcren wir jetzt umso mehr, wie wichtig N\u00e4he in unserer Branche wirklich ist. Wir haben unseren Friseure und die professionellen Balayage-Skills vermisst. Wir haben entspannende Massagen und das ein oder andere Waxing vermisst. Wir haben unsere Samstagmorgen-Manik\u00fcre und die perfekte Barttrimmung f\u00fcrs erste Date verpasst.<\/p>\n<p>&nbsp;<\/p>\n<p><strong>Den Dingen, denen<br \/>\n<\/strong><strong>wir nah sein m\u00f6chten:<\/strong><\/p>\n<p>&nbsp;<\/p>\n<p><strong>Unseren Salons<\/strong><\/p>\n<p>Und ihre freundliche Begr\u00fc\u00dfung.<\/p>\n<p>\t\t\t\t<img decoding=\"async\" src=\"https:\/\/fr-fr.twinspiration.wpengine.treatwell.com\/wp-content\/uploads\/sites\/4\/2021\/05\/GLO_Q2_B2C_landingpage_Image_01.jpg\" alt=\"\" \/><\/p>\n<p><strong>Unsere Stylisten<\/strong><\/p>\n<p>Die Friseur- und<br \/>\nBeauty-Held*innen.<\/p>\n<p>\t\t\t\t<img loading=\"lazy\" decoding=\"async\" src=\"https:\/\/de-de.twinspiration.wpengine.treatwell.com\/wp-content\/uploads\/sites\/7\/2021\/06\/GLO_Q2_B2C_landingpage_Image_03.jpg\" alt=\"GLO_Q2_B2C_landingpage_Image_03\" height=\"1148\" width=\"1014\" title=\"GLO_Q2_B2C_landingpage_Image_03\" \/><\/p>\n<p><strong>Miteinander<\/strong><\/p>\n<p>Hast du deine monatlichen Updates mit deinem Team (und anderen Kunden) im Salon vermisst? Wir auch.<\/p>\n<p>\t\t\t\t<img loading=\"lazy\" decoding=\"async\" src=\"https:\/\/de-de.twinspiration.wpengine.treatwell.com\/wp-content\/uploads\/sites\/7\/2021\/06\/GLO_Q2_B2C_landingpage_Image_05.jpg\" alt=\"GLO_Q2_B2C_landingpage_Image_05\" height=\"1148\" width=\"1014\" title=\"GLO_Q2_B2C_landingpage_Image_05\" \/><\/p>\n<p><strong>Warum n\u00e4her bei den Pros?<\/strong><\/p>\n<p>Weil die Zeit die wir getrennt waren uns dazu gebracht hat, dass wir noch n\u00e4her als zuvor sein m\u00f6chten.<\/p>\n<p>&nbsp;<\/p>\n<p><strong>Wie wir die Kampagne umgesetzt haben<\/strong><\/p>\n<p>Kampagnen waren schon immer eine gro\u00dfartige M\u00f6glichkeit, mit unserer Community in Kontakt zu treten: von Partnern \u00fcber Kreative bis hin zu Kunden und Models (oft auch selbst Treatwell-Nutzer*innen). Sie gibt uns die M\u00f6glichkeit, \u00fcber Treatwells Friseur- und Beautysalons zu sprechen, die besonders dieses Jahr, mehr als zuvor gefeiert werden. Deshalb haben wir uns dazu entschlossen, 2021 eine Kampagne zu starten. Da es bei unserer N\u00e4her bei den Pros-Kampagne um das Zusammenkommen geht, haben wir f\u00fcnf unserer Salonpartner eingeladen &#8211; Experten in Sachen Haare, Haut, Lashes, Brauen, Waxing und N\u00e4gel &#8211; unsere Models auf das Shooting vorzubereiten.<\/p>\n<p>&nbsp;<\/p>\n<p>\t\t\t\t<img loading=\"lazy\" decoding=\"async\" src=\"https:\/\/de-de.twinspiration.wpengine.treatwell.com\/wp-content\/uploads\/sites\/7\/2021\/06\/GLO_Q2_B2C_landingpage_Image_Big_02.jpg\" alt=\"GLO_Q2_B2C_landingpage_Image_Big_02\" height=\"1148\" width=\"1014\" title=\"GLO_Q2_B2C_landingpage_Image_Big_02\" \/><\/p>\n<p>Unsere Models &#8211; Anne, Raphaela, Jed und Vikash &#8211; kamen in den Hauptsitz von Treatwell, um auf die sicherste Art und Weise gestylt und gepflegt zu werden. Ob sie happy waren, dass sie die ersten Kunden sein durften? Offensichtlich. Vom Produktionsteam, das an diesem Tag coole Dinge m\u00f6glich machte, bis hin zur Art-Regie der Treatwell-Kreativen, war es ein gutes Gef\u00fchl wieder ein bisschen Normalit\u00e4t zu haben. Nat\u00fcrlich wurden alle Teilnehmenden getestet, Masken wurden getragen und soziale Distanzierungsregeln wurden ebenfalls eingehalten, um die Kampagne COVID-sicher zu machen.<\/p>\n<p>&nbsp;<\/p>\n<p>\t\t\t\t<img loading=\"lazy\" decoding=\"async\" src=\"https:\/\/de-de.twinspiration.wpengine.treatwell.com\/wp-content\/uploads\/sites\/7\/2021\/06\/GLO_Q2_B2C_landingpage_Image_Big-1.jpg\" alt=\"GLO_Q2_B2C_landingpage_Image_Big\" height=\"1148\" width=\"1014\" title=\"GLO_Q2_B2C_landingpage_Image_Big\" \/><\/p>\n<p>Ist es unsere bisher beste Kampagne? Mag sein. Sind wir voreingenommen? Maybe. Was wir allerdings noch viel mehr wollen nach einem langen Jahr ist N\u00e4he. Damit meinen wir mehr als nur physische Distanz. Jetzt wo alles wieder langsam zur Normalit\u00e4t zur\u00fcckkehrt, f\u00fchlen wir uns n\u00e4her als je zuvor.<\/p>\n<p>&nbsp;<\/p>\n<p>Hier bei Treatwell sp\u00fcren wir jetzt umso mehr, wie wichtig N\u00e4he in unserer Branche wirklich ist. Wir haben unseren Friseure und die professionellen Balayage-Skills vermisst. Wir haben entspannende Massagen und das ein oder andere Waxing vermisst. Wir haben unsere Samstagmorgen-Manik\u00fcre und die perfekte Barttrimmung f\u00fcrs erste Date verpasst.<\/p>\n<p>&nbsp;<\/p>\n<p><strong>Den Dingen, denen<\/strong><\/p>\n<p>&nbsp;<\/p>\n<p><strong>\u00a0 \u00a0 wir nah sein m\u00f6chten:<\/strong><\/p>\n<p>&nbsp;<\/p>\n<p><strong>Unseren Salons<\/strong><\/p>\n<p>Und ihre freundliche Begr\u00fc\u00dfung.<\/p>\n<p>\t\t\t\t<img loading=\"lazy\" decoding=\"async\" src=\"https:\/\/fr-fr.twinspiration.wpengine.treatwell.com\/wp-content\/uploads\/sites\/4\/2021\/05\/GLO_Q2_B2C_landingpage_Image_01.jpg\" alt=\"GLO_Q2_B2C_landingpage_Image_01\" height=\"1148\" width=\"1014\" title=\"GLO_Q2_B2C_landingpage_Image_01\" \/><br \/>\n\t\t\t\t<img loading=\"lazy\" decoding=\"async\" src=\"https:\/\/fr-fr.twinspiration.wpengine.treatwell.com\/wp-content\/uploads\/sites\/4\/2021\/05\/GLO_Q2_B2C_landingpage_Image_02.jpg\" alt=\"GLO_Q2_B2C_landingpage_Image_02\" height=\"584\" width=\"593\" title=\"GLO_Q2_B2C_landingpage_Image_02\" \/><br \/>\n\t\t\t\t<img loading=\"lazy\" decoding=\"async\" src=\"https:\/\/fr-fr.twinspiration.wpengine.treatwell.com\/wp-content\/uploads\/sites\/4\/2021\/05\/GLO_Q2_B2C_landingpage_Image_03.jpg\" alt=\"GLO_Q2_B2C_landingpage_Image_03\" height=\"1148\" width=\"1014\" title=\"GLO_Q2_B2C_landingpage_Image_03\" \/><\/p>\n<p><strong>Unsere Stylisten<\/strong><\/p>\n<p>Die Friseur- und<br \/>\nBeauty-Held*innen.<\/p>\n<p>\t\t\t\t<img loading=\"lazy\" decoding=\"async\" src=\"https:\/\/fr-fr.twinspiration.wpengine.treatwell.com\/wp-content\/uploads\/sites\/4\/2021\/05\/GLO_Q2_B2C_landingpage_Image_04.jpg\" alt=\"GLO_Q2_B2C_landingpage_Image_04\" height=\"584\" width=\"593\" title=\"GLO_Q2_B2C_landingpage_Image_04\" \/><\/p>\n<p><strong>Miteinander<\/strong><\/p>\n<p>Hast du deine monatlichen Updates mit deinem Team (und anderen Kunden) im Salon vermisst? Wir auch.<\/p>\n<p>\t\t\t\t<img loading=\"lazy\" decoding=\"async\" src=\"https:\/\/fr-fr.twinspiration.wpengine.treatwell.com\/wp-content\/uploads\/sites\/4\/2021\/05\/GLO_Q2_B2C_landingpage_Image_05.jpg\" alt=\"GLO_Q2_B2C_landingpage_Image_05\" height=\"1148\" width=\"1014\" title=\"GLO_Q2_B2C_landingpage_Image_05\" \/><br \/>\n\t\t\t\t<img loading=\"lazy\" decoding=\"async\" src=\"https:\/\/fr-fr.twinspiration.wpengine.treatwell.com\/wp-content\/uploads\/sites\/4\/2021\/05\/GLO_Q2_B2C_landingpage_Image_09-1.jpg\" alt=\"GLO_Q2_B2C_landingpage_Image_09\" height=\"584\" width=\"593\" title=\"GLO_Q2_B2C_landingpage_Image_09\" \/><\/p>\n<p>Weil die Zeit die wir getrennt waren uns dazu gebracht hat, dass wir noch n\u00e4her als zuvor sein m\u00f6chten.<\/p>\n<p>&nbsp;<\/p>\n<p>\t\t\t<img decoding=\"async\" src=\"https:\/\/de-de.twinspiration.wpengine.treatwell.com\/wp-content\/uploads\/sites\/7\/2021\/06\/Slider-1.jpg\" alt=\"\" \/><br \/>\n\t\t\t<img decoding=\"async\" src=\"https:\/\/de-de.twinspiration.wpengine.treatwell.com\/wp-content\/uploads\/sites\/7\/2021\/06\/Slider-2.jpg\" alt=\"\" \/><br \/>\n\t\t\t<img decoding=\"async\" src=\"https:\/\/de-de.twinspiration.wpengine.treatwell.com\/wp-content\/uploads\/sites\/7\/2021\/06\/Slider-3.jpg\" alt=\"\" \/>\t\t\t<\/p>\n<p>Ist es unsere bisher beste Kampagne? Mag sein. Sind wir voreingenommen? Maybe. Was wir allerdings noch viel mehr wollen nach einem langen Jahr ist N\u00e4he. Damit meinen wir mehr als nur physische Distanz. Jetzt wo alles wieder langsam zur Normalit\u00e4t zur\u00fcckkehrt, f\u00fchlen wir uns n\u00e4her als je zuvor.<\/p>\n<p>&nbsp;<\/p>\n","protected":false},"excerpt":{"rendered":"<p>Parties. Umarmungen. Verabredungen. Im letzten Jahr ist uns bewusst geworden, wie sehr wir das Gef\u00fchl von N\u00e4he in unserem Alltag vermissen. So langsam kehrt alles wieder zur Normalit\u00e4t zur\u00fcck und den guten Dingen sind wir bereits ein St\u00fcck n\u00e4her. Momente, die Face-to-Face einfach besser sind. N\u00e4her an unseren Freunden. N\u00e4her an den Dingen, die wir&hellip;<\/p>\n","protected":false},"author":204,"featured_media":0,"parent":0,"menu_order":0,"comment_status":"closed","ping_status":"closed","template":"","meta":{"inline_featured_image":false,"footnotes":""},"class_list":["post-11677","page","type-page","status-publish","hentry"],"yoast_head":"<!-- This site is optimized with the Yoast SEO plugin v27.5 - https:\/\/yoast.com\/product\/yoast-seo-wordpress\/ -->\n<title>N\u00e4her bei den Pros - Treatwell CH<\/title>\n<meta name=\"robots\" content=\"index, follow, max-snippet:-1, max-image-preview:large, max-video-preview:-1\" \/>\n<link rel=\"canonical\" href=\"https:\/\/www.treatwell.ch/inspiration\/naher-bei-den-pros\/\" \/>\n<meta property=\"og:locale\" content=\"de_DE\" \/>\n<meta property=\"og:type\" content=\"article\" \/>\n<meta property=\"og:title\" content=\"N\u00e4her bei den Pros - Treatwell CH\" \/>\n<meta property=\"og:description\" content=\"Parties. Umarmungen. Verabredungen. Im letzten Jahr ist uns bewusst geworden, wie sehr wir das Gef\u00fchl von N\u00e4he in unserem Alltag vermissen. So langsam kehrt alles wieder zur Normalit\u00e4t zur\u00fcck und den guten Dingen sind wir bereits ein St\u00fcck n\u00e4her. Momente, die Face-to-Face einfach besser sind. N\u00e4her an unseren Freunden. N\u00e4her an den Dingen, die wir&hellip;\" \/>\n<meta property=\"og:url\" content=\"https:\/\/www.treatwell.ch/inspiration\/naher-bei-den-pros\/\" \/>\n<meta property=\"og:site_name\" content=\"Treatwell CH\" \/>\n<meta property=\"article:modified_time\" content=\"2021-06-28T10:39:09+00:00\" \/>\n<meta property=\"og:image\" content=\"https:\/\/fr-fr.twinspiration.wpengine.treatwell.com\/wp-content\/uploads\/sites\/4\/2021\/05\/GLO_Q2_B2C_landingpage_Image_01.jpg\" \/>\n<meta name=\"twitter:card\" content=\"summary_large_image\" \/>\n<meta name=\"twitter:label1\" content=\"Gesch\u00e4tzte Lesezeit\" \/>\n\t<meta name=\"twitter:data1\" content=\"3 Minuten\" \/>\n<script type=\"application\/ld+json\" class=\"yoast-schema-graph\">{\"@context\":\"https:\\\/\\\/schema.org\",\"@graph\":[{\"@type\":\"WebPage\",\"@id\":\"https:\\\/\\\/www.treatwell.ch/inspiration\\\/naher-bei-den-pros\\\/\",\"url\":\"https:\\\/\\\/www.treatwell.ch/inspiration\\\/naher-bei-den-pros\\\/\",\"name\":\"N\u00e4her bei den Pros - Treatwell CH\",\"isPartOf\":{\"@id\":\"https:\\\/\\\/www.treatwell.ch/inspiration\\\/#website\"},\"primaryImageOfPage\":{\"@id\":\"https:\\\/\\\/www.treatwell.ch/inspiration\\\/naher-bei-den-pros\\\/#primaryimage\"},\"image\":{\"@id\":\"https:\\\/\\\/www.treatwell.ch/inspiration\\\/naher-bei-den-pros\\\/#primaryimage\"},\"thumbnailUrl\":\"https:\\\/\\\/fr-fr.twinspiration.wpengine.treatwell.com\\\/wp-content\\\/uploads\\\/sites\\\/4\\\/2021\\\/05\\\/GLO_Q2_B2C_landingpage_Image_01.jpg\",\"datePublished\":\"2021-06-11T14:50:51+00:00\",\"dateModified\":\"2021-06-28T10:39:09+00:00\",\"breadcrumb\":{\"@id\":\"https:\\\/\\\/www.treatwell.ch/inspiration\\\/naher-bei-den-pros\\\/#breadcrumb\"},\"inLanguage\":\"de-DE\",\"potentialAction\":[{\"@type\":\"ReadAction\",\"target\":[\"https:\\\/\\\/www.treatwell.ch/inspiration\\\/naher-bei-den-pros\\\/\"]}]},{\"@type\":\"ImageObject\",\"inLanguage\":\"de-DE\",\"@id\":\"https:\\\/\\\/www.treatwell.ch/inspiration\\\/naher-bei-den-pros\\\/#primaryimage\",\"url\":\"https:\\\/\\\/fr-fr.twinspiration.wpengine.treatwell.com\\\/wp-content\\\/uploads\\\/sites\\\/4\\\/2021\\\/05\\\/GLO_Q2_B2C_landingpage_Image_01.jpg\",\"contentUrl\":\"https:\\\/\\\/fr-fr.twinspiration.wpengine.treatwell.com\\\/wp-content\\\/uploads\\\/sites\\\/4\\\/2021\\\/05\\\/GLO_Q2_B2C_landingpage_Image_01.jpg\"},{\"@type\":\"BreadcrumbList\",\"@id\":\"https:\\\/\\\/www.treatwell.ch/inspiration\\\/naher-bei-den-pros\\\/#breadcrumb\",\"itemListElement\":[{\"@type\":\"ListItem\",\"position\":1,\"name\":\"Home\",\"item\":\"https:\\\/\\\/www.treatwell.ch/inspiration\\\/\"},{\"@type\":\"ListItem\",\"position\":2,\"name\":\"N\u00e4her bei den Pros\"}]},{\"@type\":\"WebSite\",\"@id\":\"https:\\\/\\\/www.treatwell.ch/inspiration\\\/#website\",\"url\":\"https:\\\/\\\/www.treatwell.ch/inspiration\\\/\",\"name\":\"Treatwell CH\",\"description\":\"\",\"potentialAction\":[{\"@type\":\"SearchAction\",\"target\":{\"@type\":\"EntryPoint\",\"urlTemplate\":\"https:\\\/\\\/www.treatwell.ch/inspiration\\\/?s={search_term_string}\"},\"query-input\":{\"@type\":\"PropertyValueSpecification\",\"valueRequired\":true,\"valueName\":\"search_term_string\"}}],\"inLanguage\":\"de-DE\"}]}<\/script>\n<!-- \/ Yoast SEO plugin. -->","yoast_head_json":{"title":"N\u00e4her bei den Pros - Treatwell CH","robots":{"index":"index","follow":"follow","max-snippet":"max-snippet:-1","max-image-preview":"max-image-preview:large","max-video-preview":"max-video-preview:-1"},"canonical":"https:\/\/www.treatwell.ch/inspiration\/naher-bei-den-pros\/","og_locale":"de_DE","og_type":"article","og_title":"N\u00e4her bei den Pros - Treatwell CH","og_description":"Parties. Umarmungen. Verabredungen. Im letzten Jahr ist uns bewusst geworden, wie sehr wir das Gef\u00fchl von N\u00e4he in unserem Alltag vermissen. So langsam kehrt alles wieder zur Normalit\u00e4t zur\u00fcck und den guten Dingen sind wir bereits ein St\u00fcck n\u00e4her. Momente, die Face-to-Face einfach besser sind. N\u00e4her an unseren Freunden. N\u00e4her an den Dingen, die wir&hellip;","og_url":"https:\/\/www.treatwell.ch/inspiration\/naher-bei-den-pros\/","og_site_name":"Treatwell CH","article_modified_time":"2021-06-28T10:39:09+00:00","og_image":[{"url":"https:\/\/fr-fr.twinspiration.wpengine.treatwell.com\/wp-content\/uploads\/sites\/4\/2021\/05\/GLO_Q2_B2C_landingpage_Image_01.jpg","type":"","width":"","height":""}],"twitter_card":"summary_large_image","twitter_misc":{"Gesch\u00e4tzte Lesezeit":"3 Minuten"},"schema":{"@context":"https:\/\/schema.org","@graph":[{"@type":"WebPage","@id":"https:\/\/www.treatwell.ch/inspiration\/naher-bei-den-pros\/","url":"https:\/\/www.treatwell.ch/inspiration\/naher-bei-den-pros\/","name":"N\u00e4her bei den Pros - Treatwell CH","isPartOf":{"@id":"https:\/\/www.treatwell.ch/inspiration\/#website"},"primaryImageOfPage":{"@id":"https:\/\/www.treatwell.ch/inspiration\/naher-bei-den-pros\/#primaryimage"},"image":{"@id":"https:\/\/www.treatwell.ch/inspiration\/naher-bei-den-pros\/#primaryimage"},"thumbnailUrl":"https:\/\/fr-fr.twinspiration.wpengine.treatwell.com\/wp-content\/uploads\/sites\/4\/2021\/05\/GLO_Q2_B2C_landingpage_Image_01.jpg","datePublished":"2021-06-11T14:50:51+00:00","dateModified":"2021-06-28T10:39:09+00:00","breadcrumb":{"@id":"https:\/\/www.treatwell.ch/inspiration\/naher-bei-den-pros\/#breadcrumb"},"inLanguage":"de-DE","potentialAction":[{"@type":"ReadAction","target":["https:\/\/www.treatwell.ch/inspiration\/naher-bei-den-pros\/"]}]},{"@type":"ImageObject","inLanguage":"de-DE","@id":"https:\/\/www.treatwell.ch/inspiration\/naher-bei-den-pros\/#primaryimage","url":"https:\/\/fr-fr.twinspiration.wpengine.treatwell.com\/wp-content\/uploads\/sites\/4\/2021\/05\/GLO_Q2_B2C_landingpage_Image_01.jpg","contentUrl":"https:\/\/fr-fr.twinspiration.wpengine.treatwell.com\/wp-content\/uploads\/sites\/4\/2021\/05\/GLO_Q2_B2C_landingpage_Image_01.jpg"},{"@type":"BreadcrumbList","@id":"https:\/\/www.treatwell.ch/inspiration\/naher-bei-den-pros\/#breadcrumb","itemListElement":[{"@type":"ListItem","position":1,"name":"Home","item":"https:\/\/www.treatwell.ch/inspiration\/"},{"@type":"ListItem","position":2,"name":"N\u00e4her bei den Pros"}]},{"@type":"WebSite","@id":"https:\/\/www.treatwell.ch/inspiration\/#website","url":"https:\/\/www.treatwell.ch/inspiration\/","name":"Treatwell CH","description":"","potentialAction":[{"@type":"SearchAction","target":{"@type":"EntryPoint","urlTemplate":"https:\/\/www.treatwell.ch/inspiration\/?s={search_term_string}"},"query-input":{"@type":"PropertyValueSpecification","valueRequired":true,"valueName":"search_term_string"}}],"inLanguage":"de-DE"}]}},"_links":{"self":[{"href":"https:\/\/www.treatwell.ch\/inspiration\/wp-json\/wp\/v2\/pages\/11677","targetHints":{"allow":["GET"]}}],"collection":[{"href":"https:\/\/www.treatwell.ch\/inspiration\/wp-json\/wp\/v2\/pages"}],"about":[{"href":"https:\/\/www.treatwell.ch\/inspiration\/wp-json\/wp\/v2\/types\/page"}],"author":[{"embeddable":true,"href":"https:\/\/www.treatwell.ch\/inspiration\/wp-json\/wp\/v2\/users\/204"}],"replies":[{"embeddable":true,"href":"https:\/\/www.treatwell.ch\/inspiration\/wp-json\/wp\/v2\/comments?post=11677"}],"version-history":[{"count":0,"href":"https:\/\/www.treatwell.ch\/inspiration\/wp-json\/wp\/v2\/pages\/11677\/revisions"}],"wp:attachment":[{"href":"https:\/\/www.treatwell.ch\/inspiration\/wp-json\/wp\/v2\/media?parent=11677"}],"curies":[{"name":"wp","href":"https:\/\/api.w.org\/{rel}","templated":true}]}}