{"id":5537,"date":"2017-07-10T12:57:21","date_gmt":"2017-07-10T12:57:21","guid":{"rendered":"https:\/\/www.treatwell.ch\/inspiration\/?page_id=5537"},"modified":"2017-07-11T12:00:10","modified_gmt":"2017-07-11T12:00:10","slug":"summer-trend-guide-zuerich","status":"publish","type":"page","link":"https:\/\/www.treatwell.ch/inspiration\/summer-trend-guide-zuerich\/","title":{"rendered":"Summer Trend Guide: Z\u00fcrich"},"content":{"rendered":"<h1>\n\t\tSUMMER TREND GUIDE: Z\u00fcrich<br \/>\n\t<\/h1>\n<p>\t\t\t\t<img decoding=\"async\" src=\"https:\/\/www.treatwell.ch/inspiration\/wp-content\/uploads\/sites\/6\/2017\/07\/Pastell-Hair__1000x528.jpg\" alt=\"Pastell Hair__1000x528\" \/><\/p>\n<p style=\"text-align: justify\">Lange haben wir gewartet doch nun ist es endlich soweit! Das Thermometer steigt, die Sonne Lacht \u2013 endlich Sommer!<br \/>\nOb Haare, Make-up oder N\u00e4gel, wir haben die neuesten Beauty-Trends f\u00fcr dich zusammengestellt. Und damit du nicht wieder im Regen stehst, haben wir exklusiv die passenden Salons in Z\u00fcrich heraus gesucht.<\/p>\n<p style=\"text-align: justify\">Entspannen am Z\u00fcrich See, das klingt nach Urlaub! Die gr\u00f6sste Stadt der Schweiz\u00a0bietet eine eine Idylle, die seinesgleichen sucht. Kein Wunder, dass Beauty und Wellness hier GROSS geschrieben werden.\u00a0Wir haben die sch\u00f6nsten Salons gesucht\u00a0und gefunden \u2013 hier ist unsere Auswahl f\u00fcr den Summer Trend Guide.<\/p>\n<p>\t\t\t\t<img decoding=\"async\" src=\"https:\/\/www.treatwell.ch/inspiration\/wp-content\/uploads\/sites\/6\/2017\/07\/treatwell-14_500x385.jpg\" alt=\"treatwell-14_500x385\" \/><br \/>\n\t\t\t\t<img decoding=\"async\" src=\"https:\/\/www.treatwell.ch/inspiration\/wp-content\/uploads\/sites\/6\/2017\/07\/treatwell-5_500x385.jpg\" alt=\"treatwell-5_500x385\" \/><\/p>\n<h3>\n\t\tPastell Haare<br \/>\n\t<\/h3>\n<p style=\"text-align: justify\"><strong>Trendsalon:\u00a0Instyle Hair &amp; Beauty Lounge<\/strong><\/p>\n<p style=\"text-align: justify\">Ob Regenbogen oder Einhorn Haare, diesen Sommer liegt Farbe\u00a0ganz weit vorn! Du traust dir die Extremver\u00e4nderung nicht zu? Dann haben wir eine\u00a0Alternative: Pastell Haare. In Moabit setzt das Team von\u00a0<a href=\"https:\/\/www.treatwell.de\/ort\/bjoern-mentler-friseure\/\" target=\"_blank\">I<\/a><a href=\"https:\/\/www.treatwell.ch\/ort\/instyle-hair-and-beauty\/\" target=\"_blank\">nstyle Hair &amp;Beauty Lounge<\/a>\u00a0pastellfarbene Hightlights ins Haar.\u00a0Bei blonden Haaren schimmern rosa oder orange Highlights in der Sonner besonders toll!<\/p>\n<p style=\"text-align: justify\"><a href=\"https:\/\/www.treatwell.ch\/ort\/instyle-hair-and-beauty\/\" target=\"_blank\">Jetzt buchen!<\/a><\/p>\n<h3>\n\t\tMikro Pony<br \/>\n\t<\/h3>\n<p style=\"text-align: justify\"><strong>Trend Salon: En Vogue\u00a0Coiffure<\/strong><\/p>\n<p style=\"text-align: justify\">Dass die 90-er wieder voll im Trend liegen, sollte mittlerweile jedem aufgefallen sein. Jetzt feiert auch der Pony sein Comeback. Und zwar nicht nur irgendeiner. Nein, dieses Jahr hei\u00dft es kurz, k\u00fcrzer, am k\u00fcrzesten; der Mikro Pony ist zur\u00fcck! Auch Babypony genannt, ist dieser Trend etwas f\u00fcr ganz Mutige! Bei\u00a0<a href=\"https:\/\/www.treatwell.ch\/ort\/en-vogue-coiffure-zuerich-seefeldstrasse\/\" target=\"_blank\">En Vogue Coiffure<\/a>\u00a0bist du in den besten H\u00e4nden!\u00a0Erlebe einen Coiffeur Termin\u00a0der Extraklasse und ohne starte ohne Stress in den Sommer!<\/p>\n<p style=\"text-align: justify\"><a href=\"https:\/\/www.treatwell.ch\/ort\/en-vogue-coiffure-zuerich-seefeldstrasse\/\" target=\"_blank\">Jetzt buchen!<\/a><\/p>\n<p>\t\t\t\t<img decoding=\"async\" src=\"https:\/\/www.treatwell.ch/inspiration\/wp-content\/uploads\/sites\/6\/2017\/07\/treatwell-22_500x385.jpg\" alt=\"treatwell-22_500x385\" \/><br \/>\n\t\t\t\t<img decoding=\"async\" src=\"https:\/\/www.treatwell.ch/inspiration\/wp-content\/uploads\/sites\/6\/2017\/07\/treatwell-3_500x385.jpg\" alt=\"treatwell-3_500x385\" \/><\/p>\n<h3>\n\t\tHolo Nails<br \/>\n\t<\/h3>\n<p style=\"text-align: justify\"><strong>Trend Salon: Get Nailed!<\/strong><\/p>\n<p style=\"text-align: justify\">Psychedelische Muster, metallische Farben und hypnotisierender Glanz. Die Modewelt ist verr\u00fcckt nach Hologrammen und allem, was in mehr als drei Nuancen schimmert. Da ist es kein Wunder, dass auch die Beauty-Branche nachzieht.\u00a0<a href=\"https:\/\/www.treatwell.ch\/ort\/get-nailed-1\/\" target=\"_blank\">Get Nailed!<\/a>\u00a0galt lange als Geheimtipp. Mittlerweile ist das Nagelstudio Anlaufstelle f\u00fcr alle Trendsetter und Spezial Manicuren. Ob auf den H\u00e4nden oder F\u00fcssen, Holographic Nails verzaubern dich und jeder deiner Mitmenschen!<\/p>\n<p style=\"text-align: justify\"><a href=\"https:\/\/www.treatwell.ch\/ort\/get-nailed-1\/\" target=\"_blank\">Jetzt buchen!<\/a><\/p>\n<h3>\n\t\tNo Make-up Look<br \/>\n\t<\/h3>\n<p style=\"text-align: justify\"><strong>Trend Salon: Beauty Concierge<\/strong><\/p>\n<p style=\"text-align: justify\">Sp\u00e4testens seit Beyonc\u00e9\u2019s Song \u2018Flawless\u2019, ist die Welt verr\u00fcckt nach dem \u2018<strong>No Make-up Look\u2019<\/strong>. Ob Instagram oder Facebook, unser Social Media Feed ist voll von ungeschminkten bzw. nat\u00fcrlichen Selfies #iwokeuplikethis. Auch wir sind gro\u00dfer Fan von dem Trend der nat\u00fcrlichen Sch\u00f6nheit. Mit den passenden Treatments bei\u00a0<a href=\"https:\/\/www.treatwell.ch\/ort\/beauty-concierge\/\" target=\"_blank\">Beauty Concierge<\/a>\u00a0holst du dir die frische Meeresbrise\u00a0direkt ins Gesicht. Gesichtsbehandlungen und Peelings sorgen f\u00fcr ein ebenm\u00e4\u00dfiges Hautbild und einen strahlenden Teint. Du m\u00f6chtest trotzdem nicht auf Make-up verzichten? Gedeckte Farben, subtiler Highlighter und ein leichter Gloss unterstreichen deine Gesichtsz\u00fcge ohne \u00fcberschminkt zu wirken.<\/p>\n<p style=\"text-align: justify\"><a href=\"https:\/\/www.treatwell.ch\/ort\/beauty-concierge\/\" target=\"_blank\">Jetzt buchen!<\/a><\/p>\n<p>\t\t\t\t<img decoding=\"async\" src=\"https:\/\/www.treatwell.ch/inspiration\/wp-content\/uploads\/sites\/6\/2017\/07\/treatwell-18_500x385.jpg\" alt=\"treatwell-18_500x385\" \/><\/p>\n<h3>\n\t\tFlechtz\u00f6pfe<br \/>\n\t<\/h3>\n<p><strong>Trend Salon: Tally Beauty<\/strong><\/p>\n<p>Mit diesem Look stehst du auch dieses Sommer wieder auf der sicheren Seite!\u00a0Ob locker zum Dutt gebunden, seitlich am Haaransatz oder als Komplett-Frisur, Flechtz\u00f6pfe machen dein Sommer-Festival-Look perfekt.\u00a0<a href=\"https:\/\/www.treatwell.de\/ort\/dodos-blow-dry-bar-1\/\" target=\"_blank\">T<\/a><a href=\"https:\/\/www.treatwell.ch\/ort\/tally-beauty\/\" target=\"_blank\">ally Beauty<\/a>\u00a0ist darauf spezialisiert auch ohne viel Aufwand das Beste aus deinen Haaren zu holen. Hier erwartet dich eine Beauty-Oase im Vintage Stil.<\/p>\n<p><a href=\"https:\/\/www.treatwell.ch\/ort\/tally-beauty\/\" target=\"_blank\">Jetzt buchen!<\/a><\/p>\n","protected":false},"excerpt":{"rendered":"<p>SUMMER TREND GUIDE: Z\u00fcrich Lange haben wir gewartet doch nun ist es endlich soweit! Das Thermometer steigt, die Sonne Lacht \u2013 endlich Sommer! Ob Haare, Make-up oder N\u00e4gel, wir haben die neuesten Beauty-Trends f\u00fcr dich zusammengestellt. Und damit du nicht wieder im Regen stehst, haben wir exklusiv die passenden Salons in Z\u00fcrich heraus gesucht. Entspannen&hellip;<\/p>\n","protected":false},"author":51,"featured_media":0,"parent":0,"menu_order":0,"comment_status":"closed","ping_status":"closed","template":"","meta":{"inline_featured_image":false,"footnotes":""},"class_list":["post-5537","page","type-page","status-publish","hentry"],"yoast_head":"<!-- This site is optimized with the Yoast SEO plugin v27.5 - https:\/\/yoast.com\/product\/yoast-seo-wordpress\/ -->\n<title>Summer Trend Guide: Z\u00fcrich - Treatwell CH<\/title>\n<meta name=\"robots\" content=\"index, follow, max-snippet:-1, max-image-preview:large, max-video-preview:-1\" \/>\n<link rel=\"canonical\" href=\"https:\/\/www.treatwell.ch/inspiration\/summer-trend-guide-zuerich\/\" \/>\n<meta property=\"og:locale\" content=\"de_DE\" \/>\n<meta property=\"og:type\" content=\"article\" \/>\n<meta property=\"og:title\" content=\"Summer Trend Guide: Z\u00fcrich - Treatwell CH\" \/>\n<meta property=\"og:description\" content=\"SUMMER TREND GUIDE: Z\u00fcrich Lange haben wir gewartet doch nun ist es endlich soweit! Das Thermometer steigt, die Sonne Lacht \u2013 endlich Sommer! Ob Haare, Make-up oder N\u00e4gel, wir haben die neuesten Beauty-Trends f\u00fcr dich zusammengestellt. Und damit du nicht wieder im Regen stehst, haben wir exklusiv die passenden Salons in Z\u00fcrich heraus gesucht. Entspannen&hellip;\" \/>\n<meta property=\"og:url\" content=\"https:\/\/www.treatwell.ch/inspiration\/summer-trend-guide-zuerich\/\" \/>\n<meta property=\"og:site_name\" content=\"Treatwell CH\" \/>\n<meta property=\"article:modified_time\" content=\"2017-07-11T12:00:10+00:00\" \/>\n<meta property=\"og:image\" content=\"https:\/\/www.treatwell.ch/inspiration\/wp-content\/uploads\/sites\/6\/2017\/07\/Pastell-Hair__1000x528.jpg\" \/>\n<meta name=\"twitter:card\" content=\"summary_large_image\" \/>\n<meta name=\"twitter:label1\" content=\"Gesch\u00e4tzte Lesezeit\" \/>\n\t<meta name=\"twitter:data1\" content=\"3 Minuten\" \/>\n<script type=\"application\/ld+json\" class=\"yoast-schema-graph\">{\"@context\":\"https:\\\/\\\/schema.org\",\"@graph\":[{\"@type\":\"WebPage\",\"@id\":\"https:\\\/\\\/www.treatwell.ch/inspiration\\\/summer-trend-guide-zuerich\\\/\",\"url\":\"https:\\\/\\\/www.treatwell.ch/inspiration\\\/summer-trend-guide-zuerich\\\/\",\"name\":\"Summer Trend Guide: Z\u00fcrich - Treatwell CH\",\"isPartOf\":{\"@id\":\"https:\\\/\\\/www.treatwell.ch/inspiration\\\/#website\"},\"primaryImageOfPage\":{\"@id\":\"https:\\\/\\\/www.treatwell.ch/inspiration\\\/summer-trend-guide-zuerich\\\/#primaryimage\"},\"image\":{\"@id\":\"https:\\\/\\\/www.treatwell.ch/inspiration\\\/summer-trend-guide-zuerich\\\/#primaryimage\"},\"thumbnailUrl\":\"https:\\\/\\\/www.treatwell.ch/inspiration\\\/wp-content\\\/uploads\\\/sites\\\/6\\\/2017\\\/07\\\/Pastell-Hair__1000x528.jpg\",\"datePublished\":\"2017-07-10T12:57:21+00:00\",\"dateModified\":\"2017-07-11T12:00:10+00:00\",\"breadcrumb\":{\"@id\":\"https:\\\/\\\/www.treatwell.ch/inspiration\\\/summer-trend-guide-zuerich\\\/#breadcrumb\"},\"inLanguage\":\"de-DE\",\"potentialAction\":[{\"@type\":\"ReadAction\",\"target\":[\"https:\\\/\\\/www.treatwell.ch/inspiration\\\/summer-trend-guide-zuerich\\\/\"]}]},{\"@type\":\"ImageObject\",\"inLanguage\":\"de-DE\",\"@id\":\"https:\\\/\\\/www.treatwell.ch/inspiration\\\/summer-trend-guide-zuerich\\\/#primaryimage\",\"url\":\"https:\\\/\\\/www.treatwell.ch/inspiration\\\/wp-content\\\/uploads\\\/sites\\\/6\\\/2017\\\/07\\\/Pastell-Hair__1000x528.jpg\",\"contentUrl\":\"https:\\\/\\\/www.treatwell.ch/inspiration\\\/wp-content\\\/uploads\\\/sites\\\/6\\\/2017\\\/07\\\/Pastell-Hair__1000x528.jpg\",\"width\":1000,\"height\":528},{\"@type\":\"BreadcrumbList\",\"@id\":\"https:\\\/\\\/www.treatwell.ch/inspiration\\\/summer-trend-guide-zuerich\\\/#breadcrumb\",\"itemListElement\":[{\"@type\":\"ListItem\",\"position\":1,\"name\":\"Home\",\"item\":\"https:\\\/\\\/www.treatwell.ch/inspiration\\\/\"},{\"@type\":\"ListItem\",\"position\":2,\"name\":\"Summer Trend Guide: Z\u00fcrich\"}]},{\"@type\":\"WebSite\",\"@id\":\"https:\\\/\\\/www.treatwell.ch/inspiration\\\/#website\",\"url\":\"https:\\\/\\\/www.treatwell.ch/inspiration\\\/\",\"name\":\"Treatwell CH\",\"description\":\"\",\"potentialAction\":[{\"@type\":\"SearchAction\",\"target\":{\"@type\":\"EntryPoint\",\"urlTemplate\":\"https:\\\/\\\/www.treatwell.ch/inspiration\\\/?s={search_term_string}\"},\"query-input\":{\"@type\":\"PropertyValueSpecification\",\"valueRequired\":true,\"valueName\":\"search_term_string\"}}],\"inLanguage\":\"de-DE\"}]}<\/script>\n<!-- \/ Yoast SEO plugin. -->","yoast_head_json":{"title":"Summer Trend Guide: Z\u00fcrich - Treatwell CH","robots":{"index":"index","follow":"follow","max-snippet":"max-snippet:-1","max-image-preview":"max-image-preview:large","max-video-preview":"max-video-preview:-1"},"canonical":"https:\/\/www.treatwell.ch/inspiration\/summer-trend-guide-zuerich\/","og_locale":"de_DE","og_type":"article","og_title":"Summer Trend Guide: Z\u00fcrich - Treatwell CH","og_description":"SUMMER TREND GUIDE: Z\u00fcrich Lange haben wir gewartet doch nun ist es endlich soweit! Das Thermometer steigt, die Sonne Lacht \u2013 endlich Sommer! Ob Haare, Make-up oder N\u00e4gel, wir haben die neuesten Beauty-Trends f\u00fcr dich zusammengestellt. Und damit du nicht wieder im Regen stehst, haben wir exklusiv die passenden Salons in Z\u00fcrich heraus gesucht. Entspannen&hellip;","og_url":"https:\/\/www.treatwell.ch/inspiration\/summer-trend-guide-zuerich\/","og_site_name":"Treatwell CH","article_modified_time":"2017-07-11T12:00:10+00:00","og_image":[{"url":"https:\/\/www.treatwell.ch/inspiration\/wp-content\/uploads\/sites\/6\/2017\/07\/Pastell-Hair__1000x528.jpg","type":"","width":"","height":""}],"twitter_card":"summary_large_image","twitter_misc":{"Gesch\u00e4tzte Lesezeit":"3 Minuten"},"schema":{"@context":"https:\/\/schema.org","@graph":[{"@type":"WebPage","@id":"https:\/\/www.treatwell.ch/inspiration\/summer-trend-guide-zuerich\/","url":"https:\/\/www.treatwell.ch/inspiration\/summer-trend-guide-zuerich\/","name":"Summer Trend Guide: Z\u00fcrich - Treatwell CH","isPartOf":{"@id":"https:\/\/www.treatwell.ch/inspiration\/#website"},"primaryImageOfPage":{"@id":"https:\/\/www.treatwell.ch/inspiration\/summer-trend-guide-zuerich\/#primaryimage"},"image":{"@id":"https:\/\/www.treatwell.ch/inspiration\/summer-trend-guide-zuerich\/#primaryimage"},"thumbnailUrl":"https:\/\/www.treatwell.ch/inspiration\/wp-content\/uploads\/sites\/6\/2017\/07\/Pastell-Hair__1000x528.jpg","datePublished":"2017-07-10T12:57:21+00:00","dateModified":"2017-07-11T12:00:10+00:00","breadcrumb":{"@id":"https:\/\/www.treatwell.ch/inspiration\/summer-trend-guide-zuerich\/#breadcrumb"},"inLanguage":"de-DE","potentialAction":[{"@type":"ReadAction","target":["https:\/\/www.treatwell.ch/inspiration\/summer-trend-guide-zuerich\/"]}]},{"@type":"ImageObject","inLanguage":"de-DE","@id":"https:\/\/www.treatwell.ch/inspiration\/summer-trend-guide-zuerich\/#primaryimage","url":"https:\/\/www.treatwell.ch/inspiration\/wp-content\/uploads\/sites\/6\/2017\/07\/Pastell-Hair__1000x528.jpg","contentUrl":"https:\/\/www.treatwell.ch/inspiration\/wp-content\/uploads\/sites\/6\/2017\/07\/Pastell-Hair__1000x528.jpg","width":1000,"height":528},{"@type":"BreadcrumbList","@id":"https:\/\/www.treatwell.ch/inspiration\/summer-trend-guide-zuerich\/#breadcrumb","itemListElement":[{"@type":"ListItem","position":1,"name":"Home","item":"https:\/\/www.treatwell.ch/inspiration\/"},{"@type":"ListItem","position":2,"name":"Summer Trend Guide: Z\u00fcrich"}]},{"@type":"WebSite","@id":"https:\/\/www.treatwell.ch/inspiration\/#website","url":"https:\/\/www.treatwell.ch/inspiration\/","name":"Treatwell CH","description":"","potentialAction":[{"@type":"SearchAction","target":{"@type":"EntryPoint","urlTemplate":"https:\/\/www.treatwell.ch/inspiration\/?s={search_term_string}"},"query-input":{"@type":"PropertyValueSpecification","valueRequired":true,"valueName":"search_term_string"}}],"inLanguage":"de-DE"}]}},"_links":{"self":[{"href":"https:\/\/www.treatwell.ch\/inspiration\/wp-json\/wp\/v2\/pages\/5537","targetHints":{"allow":["GET"]}}],"collection":[{"href":"https:\/\/www.treatwell.ch\/inspiration\/wp-json\/wp\/v2\/pages"}],"about":[{"href":"https:\/\/www.treatwell.ch\/inspiration\/wp-json\/wp\/v2\/types\/page"}],"author":[{"embeddable":true,"href":"https:\/\/www.treatwell.ch\/inspiration\/wp-json\/wp\/v2\/users\/51"}],"replies":[{"embeddable":true,"href":"https:\/\/www.treatwell.ch\/inspiration\/wp-json\/wp\/v2\/comments?post=5537"}],"version-history":[{"count":0,"href":"https:\/\/www.treatwell.ch\/inspiration\/wp-json\/wp\/v2\/pages\/5537\/revisions"}],"wp:attachment":[{"href":"https:\/\/www.treatwell.ch\/inspiration\/wp-json\/wp\/v2\/media?parent=5537"}],"curies":[{"name":"wp","href":"https:\/\/api.w.org\/{rel}","templated":true}]}}