{"id":7544,"date":"2018-05-04T13:42:07","date_gmt":"2018-05-04T13:42:07","guid":{"rendered":"https:\/\/www.treatwell.de\/inspiration\/?page_id=7283"},"modified":"2018-05-04T13:42:07","modified_gmt":"2018-05-04T13:42:07","slug":"vatertag-2","status":"publish","type":"page","link":"https:\/\/www.treatwell.ch/inspiration\/vatertag-2\/","title":{"rendered":"Vatertagsgeschenke"},"content":{"rendered":"<p>\t\t\t\t<img decoding=\"async\" src=\"https:\/\/de-de.twinspiration.wpengine.treatwell.com\/wp-content\/uploads\/sites\/7\/2018\/05\/DACH_Fathers-Day.gif\" alt=\"DACH_Father's-Day\" \/><br \/>\n\t\t\t\t<img decoding=\"async\" src=\"https:\/\/de-de.twinspiration.wpengine.treatwell.com\/wp-content\/uploads\/sites\/7\/2018\/05\/03.png\" alt=\"03\" \/><\/p>\n<p><strong>Bartpflege<\/strong><\/p>\n<p>Feine Rasur oder bartige Angelegenheit.<\/p>\n<p>\t\t\t<a href=\"https:\/\/www.treatwell.de\/orte\/behandlung-bart-trimmen-rasur\/angebot-typ-lokal\/in-de\/\" target=\"_self\" role=\"button\"><br \/>\n\t\t\t\t\t\t\tBartpflege verschenken<br \/>\n\t\t\t\t\t<\/a><br \/>\n\t\t\t\t<img decoding=\"async\" src=\"https:\/\/de-de.twinspiration.wpengine.treatwell.com\/wp-content\/uploads\/sites\/7\/2018\/05\/02.png\" alt=\"02\" \/><\/p>\n<p><strong>Massage<\/strong><\/p>\n<p>F\u00fcr alle Huckepacks in unserer Kindheit.<\/p>\n<p>\t\t\t<a href=\"https:\/\/www.treatwell.de\/orte\/behandlung-gruppe-massage\/angebot-typ-lokal\/in-de\/\" target=\"_self\" role=\"button\"><br \/>\n\t\t\t\t\t\t\tMassage verschenken<br \/>\n\t\t\t\t\t<\/a><br \/>\n\t\t\t\t<img decoding=\"async\" src=\"https:\/\/de-de.twinspiration.wpengine.treatwell.com\/wp-content\/uploads\/sites\/7\/2018\/05\/01.png\" alt=\"01\" \/><\/p>\n<p><strong>Haarschnitt<\/strong><\/p>\n<p>Ein frischer Schnitt bewegt Wunder.<\/p>\n<p>\t\t\t<a href=\"https:\/\/www.treatwell.de\/orte\/behandlung-maennerhaarschnitte\/angebot-typ-lokal\/in-de\/\" target=\"_self\" role=\"button\"><br \/>\n\t\t\t\t\t\t\tHaarschnitt verschenken<br \/>\n\t\t\t\t\t<\/a><\/p>\n","protected":false},"excerpt":{"rendered":"<p>Bartpflege Feine Rasur oder bartige Angelegenheit. Bartpflege verschenken Massage F\u00fcr alle Huckepacks in unserer Kindheit. Massage verschenken Haarschnitt Ein frischer Schnitt bewegt Wunder. Haarschnitt verschenken<\/p>\n","protected":false},"author":113,"featured_media":7287,"parent":0,"menu_order":0,"comment_status":"closed","ping_status":"closed","template":"","meta":{"inline_featured_image":false,"footnotes":""},"class_list":["post-7544","page","type-page","status-publish","has-post-thumbnail","hentry"],"yoast_head":"<!-- This site is optimized with the Yoast SEO plugin v27.4 - https:\/\/yoast.com\/product\/yoast-seo-wordpress\/ -->\n<title>Vatertag | Geschenke um V\u00e4ter zu feiern | Treatwelll.de<\/title>\n<meta name=\"description\" content=\"Er packt noch heute in deinem Leben mit an. Zeit ihm daf\u00fcr zu danken und unsere V\u00e4ter zu feiern. G\u00f6nn&#039; ihm eine Auszeit und verschenke ein Treatment.\" \/>\n<meta name=\"robots\" content=\"index, follow, max-snippet:-1, max-image-preview:large, max-video-preview:-1\" \/>\n<link rel=\"canonical\" href=\"https:\/\/www.treatwell.ch/inspiration\/vatertag-2\/\" \/>\n<meta property=\"og:locale\" content=\"de_DE\" \/>\n<meta property=\"og:type\" content=\"article\" \/>\n<meta property=\"og:title\" content=\"Vatertag | Geschenke um V\u00e4ter zu feiern | Treatwelll.de\" \/>\n<meta property=\"og:description\" content=\"Er packt noch heute in deinem Leben mit an. Zeit ihm daf\u00fcr zu danken und unsere V\u00e4ter zu feiern. G\u00f6nn&#039; ihm eine Auszeit und verschenke ein Treatment.\" \/>\n<meta property=\"og:url\" content=\"https:\/\/www.treatwell.ch/inspiration\/vatertag-2\/\" \/>\n<meta property=\"og:site_name\" content=\"Treatwell CH\" \/>\n<meta name=\"twitter:card\" content=\"summary_large_image\" \/>\n<script type=\"application\/ld+json\" class=\"yoast-schema-graph\">{\"@context\":\"https:\\\/\\\/schema.org\",\"@graph\":[{\"@type\":\"WebPage\",\"@id\":\"https:\\\/\\\/www.treatwell.ch/inspiration\\\/vatertag-2\\\/\",\"url\":\"https:\\\/\\\/www.treatwell.ch/inspiration\\\/vatertag-2\\\/\",\"name\":\"Vatertag | Geschenke um V\u00e4ter zu feiern | Treatwelll.de\",\"isPartOf\":{\"@id\":\"https:\\\/\\\/www.treatwell.ch/inspiration\\\/#website\"},\"primaryImageOfPage\":{\"@id\":\"https:\\\/\\\/www.treatwell.ch/inspiration\\\/vatertag-2\\\/#primaryimage\"},\"image\":{\"@id\":\"https:\\\/\\\/www.treatwell.ch/inspiration\\\/vatertag-2\\\/#primaryimage\"},\"thumbnailUrl\":\"\",\"datePublished\":\"2018-05-04T13:42:07+00:00\",\"description\":\"Er packt noch heute in deinem Leben mit an. Zeit ihm daf\u00fcr zu danken und unsere V\u00e4ter zu feiern. G\u00f6nn' ihm eine Auszeit und verschenke ein Treatment.\",\"breadcrumb\":{\"@id\":\"https:\\\/\\\/www.treatwell.ch/inspiration\\\/vatertag-2\\\/#breadcrumb\"},\"inLanguage\":\"de-DE\",\"potentialAction\":[{\"@type\":\"ReadAction\",\"target\":[\"https:\\\/\\\/www.treatwell.ch/inspiration\\\/vatertag-2\\\/\"]}]},{\"@type\":\"ImageObject\",\"inLanguage\":\"de-DE\",\"@id\":\"https:\\\/\\\/www.treatwell.ch/inspiration\\\/vatertag-2\\\/#primaryimage\",\"url\":\"\",\"contentUrl\":\"\"},{\"@type\":\"BreadcrumbList\",\"@id\":\"https:\\\/\\\/www.treatwell.ch/inspiration\\\/vatertag-2\\\/#breadcrumb\",\"itemListElement\":[{\"@type\":\"ListItem\",\"position\":1,\"name\":\"Home\",\"item\":\"https:\\\/\\\/www.treatwell.ch/inspiration\\\/\"},{\"@type\":\"ListItem\",\"position\":2,\"name\":\"Vatertagsgeschenke\"}]},{\"@type\":\"WebSite\",\"@id\":\"https:\\\/\\\/www.treatwell.ch/inspiration\\\/#website\",\"url\":\"https:\\\/\\\/www.treatwell.ch/inspiration\\\/\",\"name\":\"Treatwell CH\",\"description\":\"\",\"potentialAction\":[{\"@type\":\"SearchAction\",\"target\":{\"@type\":\"EntryPoint\",\"urlTemplate\":\"https:\\\/\\\/www.treatwell.ch/inspiration\\\/?s={search_term_string}\"},\"query-input\":{\"@type\":\"PropertyValueSpecification\",\"valueRequired\":true,\"valueName\":\"search_term_string\"}}],\"inLanguage\":\"de-DE\"}]}<\/script>\n<!-- \/ Yoast SEO plugin. -->","yoast_head_json":{"title":"Vatertag | Geschenke um V\u00e4ter zu feiern | Treatwelll.de","description":"Er packt noch heute in deinem Leben mit an. Zeit ihm daf\u00fcr zu danken und unsere V\u00e4ter zu feiern. G\u00f6nn' ihm eine Auszeit und verschenke ein Treatment.","robots":{"index":"index","follow":"follow","max-snippet":"max-snippet:-1","max-image-preview":"max-image-preview:large","max-video-preview":"max-video-preview:-1"},"canonical":"https:\/\/www.treatwell.ch/inspiration\/vatertag-2\/","og_locale":"de_DE","og_type":"article","og_title":"Vatertag | Geschenke um V\u00e4ter zu feiern | Treatwelll.de","og_description":"Er packt noch heute in deinem Leben mit an. Zeit ihm daf\u00fcr zu danken und unsere V\u00e4ter zu feiern. G\u00f6nn' ihm eine Auszeit und verschenke ein Treatment.","og_url":"https:\/\/www.treatwell.ch/inspiration\/vatertag-2\/","og_site_name":"Treatwell CH","twitter_card":"summary_large_image","schema":{"@context":"https:\/\/schema.org","@graph":[{"@type":"WebPage","@id":"https:\/\/www.treatwell.ch/inspiration\/vatertag-2\/","url":"https:\/\/www.treatwell.ch/inspiration\/vatertag-2\/","name":"Vatertag | Geschenke um V\u00e4ter zu feiern | Treatwelll.de","isPartOf":{"@id":"https:\/\/www.treatwell.ch/inspiration\/#website"},"primaryImageOfPage":{"@id":"https:\/\/www.treatwell.ch/inspiration\/vatertag-2\/#primaryimage"},"image":{"@id":"https:\/\/www.treatwell.ch/inspiration\/vatertag-2\/#primaryimage"},"thumbnailUrl":"","datePublished":"2018-05-04T13:42:07+00:00","description":"Er packt noch heute in deinem Leben mit an. Zeit ihm daf\u00fcr zu danken und unsere V\u00e4ter zu feiern. G\u00f6nn' ihm eine Auszeit und verschenke ein Treatment.","breadcrumb":{"@id":"https:\/\/www.treatwell.ch/inspiration\/vatertag-2\/#breadcrumb"},"inLanguage":"de-DE","potentialAction":[{"@type":"ReadAction","target":["https:\/\/www.treatwell.ch/inspiration\/vatertag-2\/"]}]},{"@type":"ImageObject","inLanguage":"de-DE","@id":"https:\/\/www.treatwell.ch/inspiration\/vatertag-2\/#primaryimage","url":"","contentUrl":""},{"@type":"BreadcrumbList","@id":"https:\/\/www.treatwell.ch/inspiration\/vatertag-2\/#breadcrumb","itemListElement":[{"@type":"ListItem","position":1,"name":"Home","item":"https:\/\/www.treatwell.ch/inspiration\/"},{"@type":"ListItem","position":2,"name":"Vatertagsgeschenke"}]},{"@type":"WebSite","@id":"https:\/\/www.treatwell.ch/inspiration\/#website","url":"https:\/\/www.treatwell.ch/inspiration\/","name":"Treatwell CH","description":"","potentialAction":[{"@type":"SearchAction","target":{"@type":"EntryPoint","urlTemplate":"https:\/\/www.treatwell.ch/inspiration\/?s={search_term_string}"},"query-input":{"@type":"PropertyValueSpecification","valueRequired":true,"valueName":"search_term_string"}}],"inLanguage":"de-DE"}]}},"_links":{"self":[{"href":"https:\/\/www.treatwell.ch\/inspiration\/wp-json\/wp\/v2\/pages\/7544","targetHints":{"allow":["GET"]}}],"collection":[{"href":"https:\/\/www.treatwell.ch\/inspiration\/wp-json\/wp\/v2\/pages"}],"about":[{"href":"https:\/\/www.treatwell.ch\/inspiration\/wp-json\/wp\/v2\/types\/page"}],"author":[{"embeddable":true,"href":"https:\/\/www.treatwell.ch\/inspiration\/wp-json\/wp\/v2\/users\/113"}],"replies":[{"embeddable":true,"href":"https:\/\/www.treatwell.ch\/inspiration\/wp-json\/wp\/v2\/comments?post=7544"}],"version-history":[{"count":0,"href":"https:\/\/www.treatwell.ch\/inspiration\/wp-json\/wp\/v2\/pages\/7544\/revisions"}],"wp:featuredmedia":[{"embeddable":true,"href":"https:\/\/www.treatwell.ch\/inspiration\/wp-json\/"}],"wp:attachment":[{"href":"https:\/\/www.treatwell.ch\/inspiration\/wp-json\/wp\/v2\/media?parent=7544"}],"curies":[{"name":"wp","href":"https:\/\/api.w.org\/{rel}","templated":true}]}}